{"id":695,"date":"2023-10-23T18:49:57","date_gmt":"2023-10-23T18:49:57","guid":{"rendered":"https:\/\/huisheuro.wpengine.com\/?page_id=695"},"modified":"2023-10-23T20:02:29","modified_gmt":"2023-10-23T20:02:29","slug":"oceanic-e-os-seus-dados","status":"publish","type":"page","link":"https:\/\/eu.oceanicworldwide.com\/pt-pt\/oceanic-e-os-seus-dados\/","title":{"rendered":"Oceanic+ e os seus dados"},"content":{"rendered":"\n<h2 class=\"wp-block-heading\">Oceanic+ e os seus dados<br><br><\/h2>\n\n\n\n<p>Esta Pol\u00edtica de Privacidade descreve as nossas pol\u00edticas e procedimentos a respeito da coleta, uso e divulga\u00e7\u00e3o dos seus dados quando voc\u00ea utilizar o Servi\u00e7o e o informa acerca dos seus direitos sobre privacidade e como a lei o protege.<\/p>\n\n\n\n<p>Empregamos os seus dados pessoais para o fornecimento e aperfei\u00e7oamento do Servi\u00e7o. Ao utilizar o Servi\u00e7o, voc\u00ea est\u00e1 de acordo com a coleta e uso dos dados, em conformidade com a presente Pol\u00edtica de Privacidade. Esta Pol\u00edtica de Privacidade foi criada com o recurso ao <a href=\"https:\/\/www.privacypolicies.com\/privacy-policy-generator\/\">Gerador da Pol\u00edtica de Privacidade<\/a>.<\/p>\n\n\n\n<p>Interpreta\u00e7\u00f5es e Defini\u00e7\u00f5es<\/p>\n\n\n\n<h2 class=\"wp-block-heading\">Interpreta\u00e7\u00e3o<\/h2>\n\n\n\n<p>As palavras cuja letra inicial estiverem em mai\u00fasculas ter\u00e3o os significados definidos de acordo com as condi\u00e7\u00f5es abaixo. As defini\u00e7\u00f5es a seguir ter\u00e3o o mesmo significado, independentemente de aparecerem no singular ou no plural.<\/p>\n\n\n\n<h2 class=\"wp-block-heading\">Defini\u00e7\u00f5es<\/h2>\n\n\n\n<p>No \u00e2mbito da presente Pol\u00edtica de Privacidade:<\/p>\n\n\n\n<p><strong>Aplicativo<\/strong> designa o programa inform\u00e1tico (software) fornecido pela Empresa e que pode ser baixado num dispositivo eletr\u00f4nico designado Oceanic+ App.<\/p>\n\n\n\n<p><strong>Coligada<\/strong> designa uma entidade que controla, \u00e9 controlada ou se encontra sob o controle comum com uma parte, sendo que &#8220;controle&#8221; designa uma titularidade de 50% ou mais das a\u00e7\u00f5es, participa\u00e7\u00e3o societ\u00e1ria ou de outros valores mobili\u00e1rios com direito a voto para elei\u00e7\u00e3o de diretores ou outros cargos gerenciais.<\/p>\n\n\n\n<p><strong>Conta<\/strong> designa uma conta exclusiva criada para voc\u00ea para poder acessar o nosso Servi\u00e7o ou partes do nosso Servi\u00e7o.<\/p>\n\n\n\n<p><strong>Dados de Uso<\/strong> refere-se aos dados coletados automaticamente, gerados pelo uso do Servi\u00e7o ou a partir da pr\u00f3pria infraestrutura do Servi\u00e7o (por exemplo, a dura\u00e7\u00e3o da visita a uma p\u00e1gina).<\/p>\n\n\n\n<p><strong>Dados pessoais<\/strong> \u00e9 qualquer informa\u00e7\u00e3o que se relacionar a uma pessoa identificada ou identific\u00e1vel.<\/p>\n\n\n\n<p><strong>Dispositivo<\/strong> designa alguma aparelho que possa acessar o aplicativo Oceanic+, incluindo entre outros, um dispositivo m\u00f3vel ou um rel\u00f3gio.<\/p>\n\n\n\n<p><strong>Empresa<\/strong> (designada simplesmente por \u201ca Empresa\u201d, &#8220;N\u00f3s&#8221;, &#8220;O nosso&#8221; ou &#8220;A nossa&#8221; no presente Acordo) designa a Huish Outdoors, LLC, 1540 North 2200 West, Salt Lake City, UT 84116.<\/p>\n\n\n\n<p><strong>Pa\u00eds<\/strong> se refere a: Estado do Utah, Estados Unidos da Am\u00e9rica<\/p>\n\n\n\n<p><strong>Prestador de Servi\u00e7os<\/strong> designa alguma pessoa f\u00edsica ou jur\u00eddica que processar os dados em nome da Empresa. Refere-se a pessoas jur\u00eddicas ou f\u00edsicas terceirizadas que s\u00e3o empregadas pela Empresa para promover o Servi\u00e7o, para prestar o Servi\u00e7o em nome da Empresa, para realizar os servi\u00e7os relacionados com o Servi\u00e7o ou para auxiliar a Empresa a analisar a forma como o Servi\u00e7o \u00e9 utilizado.<\/p>\n\n\n\n<p><strong>Servi\u00e7o<\/strong> refere-se ao Aplicativo.<\/p>\n\n\n\n<p><strong>Servi\u00e7os Terceirizados de M\u00eddia Social<\/strong> refere-se a qualquer site da Internet ou rede de m\u00eddia social atrav\u00e9s dos quais o Usu\u00e1rio pode se logar ou criar uma conta para utilizar o Servi\u00e7o.<\/p>\n\n\n\n<p><strong>Voc\u00ea<\/strong> designa a pessoa f\u00edsica que acessa ou usa o Servi\u00e7o, ou a empresa ou outra pessoa jur\u00eddica em nome da qual essa pessoa f\u00edsica est\u00e1 acessando ou utilizando o Servi\u00e7o, conforme o caso.<\/p>\n\n\n\n<p>Coleta e Uso dos seus Dados Pessoais<\/p>\n\n\n\n<h2 class=\"wp-block-heading\">Tipos de Dados Coletados<\/h2>\n\n\n\n<h3 class=\"wp-block-heading\">Dados Pessoais<\/h3>\n\n\n\n<p>Quando utilizar os nossos Servi\u00e7os, poderemos solicitar-lhe que nos forne\u00e7a determinados dados de identifica\u00e7\u00e3o pessoais que poder\u00e3o ser empregados para que o possamos contatar ou identificar. Os dados de identifica\u00e7\u00e3o pessoal incluem entre outros:<\/p>\n\n\n\n<p>Endere\u00e7o de e-mail<\/p>\n\n\n\n<p>Nome pr\u00f3prio e sobrenome<\/p>\n\n\n\n<p>N\u00famero de telefone<\/p>\n\n\n\n<p>Dados de Uso<\/p>\n\n\n\n<h3 class=\"wp-block-heading\">Dados de Uso<\/h3>\n\n\n\n<p>Os Dados de Uso s\u00e3o coletados automaticamente quando utilizar o Servi\u00e7o.<\/p>\n\n\n\n<p>Quando acessar o Servi\u00e7o atrav\u00e9s de um dispositivo m\u00f3vel, poderemos coletar automaticamente determinadas informa\u00e7\u00f5es, incluindo entre outras, o tipo de dispositivo m\u00f3vel que utiliza, a ID exclusiva do seu dispositivo m\u00f3vel, o endere\u00e7o de IP do seu dispositivo m\u00f3vel, o sistema operacional do dispositivo m\u00f3vel, o tipo de navegador da Internet do dispositivo m\u00f3vel que utiliza, os identificadores exclusivos do dispositivo m\u00f3vel e outros dados de diagn\u00f3stico.<\/p>\n\n\n\n<p>Tamb\u00e9m podemos coletar dados que o seu navegador envia sempre que visita o nosso Servi\u00e7o ou quando voc\u00ea acessa o Servi\u00e7o atrav\u00e9s de um dispositivo m\u00f3vel.<\/p>\n\n\n\n<h3 class=\"wp-block-heading\">Dados de Servi\u00e7os Terceirizados de M\u00eddia Social<\/h3>\n\n\n\n<p>A Empresa pode permitir que voc\u00ea crie uma conta e se logue para utilizar o Servi\u00e7o atrav\u00e9s dos Servi\u00e7os Terceirizados de M\u00eddia Social abaixo:<\/p>\n\n\n\n<ul class=\"wp-block-list\">\n<li>Apple\/IOS<\/li>\n<\/ul>\n\n\n\n<p>Caso decida se registrar ou de alguma forma nos conceder o acesso a um Servi\u00e7o de Terceiros, poderemos coletar os dados pessoais que estiverem j\u00e1 associados \u00e0 conta desse Servi\u00e7o de Terceiros, como \u00e9 o caso do seu nome, o seu endere\u00e7o de e-mail, as suas atividades ou a sua lista de contatos associada a essa conta.<\/p>\n\n\n\n<p>Tamb\u00e9m ter\u00e1 a op\u00e7\u00e3o de compartilhar informa\u00e7\u00f5es complementares com a Empresa atrav\u00e9s da sua conta do Servi\u00e7o Terceirizado de M\u00eddia Social. Se optar por fornecer essas informa\u00e7\u00f5es e Dados Pessoais, durante o registro ou em outra altura, estar\u00e1 dando autoriza\u00e7\u00e3o \u00e0 Empresa para utilizar, compartilhar e armazenar de uma forma consistente com esta Pol\u00edtica de Privacidade.<\/p>\n\n\n\n<h3 class=\"wp-block-heading\">Informa\u00e7\u00f5es coletadas durante o uso do Aplicativo<\/h3>\n\n\n\n<p>Ao utilizar o nosso Aplicativo, para permitir os recursos do nosso aplicativo, poderemos coletar com a sua autoriza\u00e7\u00e3o pr\u00e9via:<\/p>\n\n\n\n<ul class=\"wp-block-list\">\n<li>Informa\u00e7\u00f5es relativas \u00e0 sua localiza\u00e7\u00e3o GPS<\/li>\n<\/ul>\n\n\n\n<p>Utilizamos esta informa\u00e7\u00e3o para disponibilizar os recursos do nosso Servi\u00e7o, para melhorar e personalizar o nosso Servi\u00e7o. Voc\u00ea pode ativar ou desativar o acesso da localiza\u00e7\u00e3o GPS em qualquer altura, atrav\u00e9s das configura\u00e7\u00f5es do seu aparelho. Caso esteja ativado, ficar\u00e1 salvo na nuvem e no seu dispositivo. Como alternativa, os dados de mergulho ficar\u00e3o salvos na nuvem e no seu dispositivo.<\/p>\n\n\n\n<h2 class=\"wp-block-heading\">Uso dos seus Dados Pessoais<\/h2>\n\n\n\n<p>A Empresa pode utilizar os seus Dados Pessoais para as seguintes finalidades:<\/p>\n\n\n\n<p><strong>Para disponibilizar e manter o nosso Servi\u00e7o<\/strong>, incluindo o monitoramento do uso do nosso Servi\u00e7o.<\/p>\n\n\n\n<p><strong>Para gerenciar a sua Conta:<\/strong> para gerenciar o seu registro enquanto usu\u00e1rio do Servi\u00e7o. Os Dados Pessoais que voc\u00ea nos fornecer lhe dar\u00e3o acesso \u00e0s diferentes funcionalidades do Servi\u00e7o que lhe est\u00e3o dispon\u00edveis enquanto usu\u00e1rio registrado.<\/p>\n\n\n\n<p><strong>Para a execu\u00e7\u00e3o do contrato:<\/strong> a celebra\u00e7\u00e3o e execu\u00e7\u00e3o do contrato de compra para os produtos, itens ou servi\u00e7os que tiver adquirido ou outro contrato conosco atrav\u00e9s dos Servi\u00e7os.<\/p>\n\n\n\n<p><strong>Para entrar em contato consigo:<\/strong> Para entrar em contato consigo por e-mail, telefone, SMS ou por outras formas equivalentes de comunica\u00e7\u00e3o eletr\u00f4nica, como \u00e9 o caso das notifica\u00e7\u00f5es via push do aplicativo, a respeito de atualiza\u00e7\u00f5es ou comunica\u00e7\u00f5es de car\u00e1ter informativo relacionadas \u00e0s funcionalidades, produtos ou servi\u00e7os contratados, incluindo atualiza\u00e7\u00f5es de seguran\u00e7a, sempre que for necess\u00e1rio ou conveniente para a sua implementa\u00e7\u00e3o.<\/p>\n\n\n\n<p><strong>Para lhe apresentar as novidades<\/strong>, ofertas especiais e informa\u00e7\u00f5es de car\u00e1ter geral sobre outros produtos, servi\u00e7os e eventos que podemos ofertar e que sejam similares \u00e0queles que voc\u00ea j\u00e1 adquiriu ou nos consultou, a menos que voc\u00ea tenha optado por n\u00e3o receber tais informa\u00e7\u00f5es.<\/p>\n\n\n\n<p><strong>Para gerenciar os seus pedidos:<\/strong> Para atender e gerenciar os seus pedidos conosco.<\/p>\n\n\n\n<p><strong>Para transfer\u00eancias comerciais:<\/strong> Podemos utilizar os seus dados para avaliar ou realizar alguma fus\u00e3o, desinvestimento, re-estrutura\u00e7\u00e3o, recupera\u00e7\u00e3o de empresa, extin\u00e7\u00e3o ou outra forma de venda ou cess\u00e3o de parte ou da totalidade dos nossos bens, seja na forma de empresa em funcionamento ou como parte de algum processo de fal\u00eancia, liquida\u00e7\u00e3o ou processo similar, nos quais os Dados Pessoais em nossa posse sobre os nossos usu\u00e1rios do Servi\u00e7o se encontrem entre os bens cedidos.<\/p>\n\n\n\n<p><strong>Para outras finalidades<\/strong>: Podemos utilizar os seus dados para outras finalidades, como an\u00e1lise de dados, identifica\u00e7\u00e3o das tend\u00eancias de uso, para determinar a efic\u00e1cia das nossas campanhas promocionais e para avaliar e melhorar o nosso Servi\u00e7o, produtos, servi\u00e7os, Marketing e a nossa experi\u00eancia.<\/p>\n\n\n\n<p>Podemos compartilhar os seus dados nas seguintes situa\u00e7\u00f5es:<\/p>\n\n\n\n<ul class=\"wp-block-list\">\n<li><strong>Com Prestadores de Servi\u00e7os:<\/strong> Podemos compartilhar os seus dados pessoais com Prestadores de Servi\u00e7os para monitorar e analisar a utiliza\u00e7\u00e3o do nosso Servi\u00e7o, para entrar em contato com voc\u00ea.<\/li>\n\n\n\n<li><strong>Para transfer\u00eancias comerciais:<\/strong> Podemos compartilhar ou transferir os seus dados pessoais no decurso ou durante a fase de negocia\u00e7\u00f5es de alguma fus\u00e3o, venda dos bens da Empresa, financiamento ou aquisi\u00e7\u00e3o da totalidade ou parte da nossa empresa a outra empresa.<\/li>\n\n\n\n<li><strong>Com Coligadas:<\/strong> Podemos compartilhar os seus dados com as nossas coligadas, em cujo caso exigiremos de todas essas coligadas que honrem a presente Pol\u00edtica de Privacidade. As Coligadas incluem a nossa matriz e outras filiais, parceiros em joint-venture ou outras empresas sob nosso controle ou sob controle comum conosco.<\/li>\n\n\n\n<li><strong>Com parceiros comerciais:<\/strong> Podemos compartilhar os seus dados com outros parceiros comerciais a fim de lhe ofertar determinados produtos, servi\u00e7os ou promo\u00e7\u00f5es.<\/li>\n\n\n\n<li><strong>Com outros usu\u00e1rios:<\/strong> quando voc\u00ea compartilha os seus dados pessoais ou de alguma forma interage em \u00e1reas p\u00fablicas com outros usu\u00e1rios, essas informa\u00e7\u00f5es podem ser visualizadas por todos os usu\u00e1rios e podem ser distribu\u00eddas externamente de forma p\u00fablica. Quando voc\u00ea interage com outros usu\u00e1rios ou se registra atrav\u00e9s de um Servi\u00e7o Terceirizado, os seus contatos nesse Servi\u00e7o Terceirizado poder\u00e3o ver o seu nome, perfil, fotos, localiza\u00e7\u00e3o e descri\u00e7\u00e3o da sua atividade. Da mesma forma, outros usu\u00e1rios poder\u00e3o visualizar as descri\u00e7\u00f5es da sua atividade, se comunicar com voc\u00ea e visualizar o seu perfil.<\/li>\n\n\n\n<li><strong>Com a sua autoriza\u00e7\u00e3o<\/strong>: Podemos divulgar os seus dados pessoais para qualquer outra finalidade com a sua autoriza\u00e7\u00e3o.<\/li>\n<\/ul>\n\n\n\n<h2 class=\"wp-block-heading\"><a>Reten\u00e7\u00e3o dos seus Dados Pessoais<\/a><\/h2>\n\n\n\n<p>A Empresa reter\u00e1 os Dados do seu Perfil Pessoal somente enquanto for necess\u00e1rio para ater-se aos objetivos estipulados nesta Pol\u00edtica de Privacidade. Iremos reter e utilizar os Dados do seu Perfil Pessoal na medida em que haja necessidade de cumprir as nossas obriga\u00e7\u00f5es legais (por exemplo, se nos exigirem a reten\u00e7\u00e3o dos seus dados de acordo com a legisla\u00e7\u00e3o em vigor), dirimir lit\u00edgios, e para fazer vigorar os nossos acordos e pol\u00edticas legais. No Plano Gr\u00e1tis Oceanic+, a empresa apenas vai reter determinadas informa\u00e7\u00f5es a respeito das suas 12 \u00faltimas atividades logadas.&nbsp; O usu\u00e1rio poder\u00e1 registrar um n\u00famero ilimitado de atividades com a Assinatura e os Planos Di\u00e1rios do aplicativo Oceanic+.&nbsp; Os dados logados ficar\u00e3o acess\u00edveis por um per\u00edodo de 365 dias (1 ano) sem nenhuma assinatura paga.<br><br><\/p>\n\n\n\n<h2 class=\"wp-block-heading\">Transfer\u00eancia dos seus Dados Pessoais<\/h2>\n\n\n\n<p>Os seus dados, incluindo os Dados Pessoais, s\u00e3o processados nos escrit\u00f3rios operacionais da Empresa e em outros locais onde as partes envolvidas no processamento se encontrarem localizadas. Isto significa que estes dados podem ser transferidos &#8211; e mantidos &#8211; em computadores localizados fora do seu Estado, Pa\u00eds, ou de outra jurisdi\u00e7\u00e3o oficial onde a legisla\u00e7\u00e3o em mat\u00e9ria de prote\u00e7\u00e3o de dados pode divergir daquela em vigor na sua jurisdi\u00e7\u00e3o.<\/p>\n\n\n\n<p>O seu consentimento para esta Pol\u00edtica de Privacidade a par do seu envio de tais dados caracteriza o seu acordo para essa transfer\u00eancia.<\/p>\n\n\n\n<p>A Empresa tomar\u00e1 todas as medidas cab\u00edveis e necess\u00e1rias para garantir que os seus dados sejam tratados de forma segura e em conformidade com esta Pol\u00edtica de Privacidade e que nenhuma transfer\u00eancia dos seus Dados Pessoais ocorrer\u00e1 em uma empresa ou pa\u00eds, a menos que existam controles adequados em pr\u00e1tica incluindo a seguran\u00e7a dos seus dados e de outras informa\u00e7\u00f5es pessoais.<\/p>\n\n\n\n<h2 class=\"wp-block-heading\">Divulga\u00e7\u00e3o dos seus Dados Pessoais<\/h2>\n\n\n\n<h3 class=\"wp-block-heading\">Transa\u00e7\u00f5es Comerciais<\/h3>\n\n\n\n<p>Caso a Empresa esteja envolvida em algum processo de fus\u00e3o, aquisi\u00e7\u00e3o ou venda de bens, os seus Dados Pessoais poder\u00e3o ser transferidos. Voc\u00ea ser\u00e1 informado antes de os seus Dados Pessoais serem transferidos e ficarem sujeitos a uma Pol\u00edtica de Privacidade diferente.<\/p>\n\n\n\n<h3 class=\"wp-block-heading\">Aplica\u00e7\u00e3o da Lei<\/h3>\n\n\n\n<p>Em determinadas circunst\u00e2ncias, a Empresa pode ver-se obrigada a divulgar os seus Dados Pessoais se para o efeito for solicitada nos termos da lei ou como resposta a pedidos formais por autoridades p\u00fablicas (por exemplo, um tribunal ou um org\u00e3o p\u00fablico).<\/p>\n\n\n\n<h3 class=\"wp-block-heading\">Outros requisitos legais<\/h3>\n\n\n\n<p>A Empresa pode divulgar os seus Dados Pessoais, acreditando em boa-f\u00e9 que essa a\u00e7\u00e3o \u00e9 necess\u00e1ria para os seguintes casos:<\/p>\n\n\n\n<ul class=\"wp-block-list\">\n<li>Atender a um requisito legal<\/li>\n\n\n\n<li>Proteger e defender os direitos ou os bens da Empresa<\/li>\n\n\n\n<li>Evitar ou investigar poss\u00edveis atos il\u00edcitos relacionados com o Servi\u00e7o<\/li>\n\n\n\n<li>Proteger a seguran\u00e7a pessoal dos Usu\u00e1rios do Servi\u00e7o ou do p\u00fablico<\/li>\n\n\n\n<li>Proteger-se contra alguma responsabilidade legal<\/li>\n<\/ul>\n\n\n\n<h2 class=\"wp-block-heading\">Seguran\u00e7a dos seus Dados Pessoais<\/h2>\n\n\n\n<p>A seguran\u00e7a dos seus Dados Pessoais \u00e9 importante para n\u00f3s, mas devemos levar em conta que nenhum m\u00e9todo de transmiss\u00e3o de dados pela Internet ou m\u00e9todo de armazenamento eletr\u00f4nico \u00e9 completamente seguro. Embora empreguemos todos os meios que s\u00e3o comercialmente aceit\u00e1veis para a prote\u00e7\u00e3o dos seus Dados Pessoais, n\u00e3o podemos garantir a sua seguran\u00e7a absoluta.<\/p>\n\n\n\n<p>Privacidade de menores<\/p>\n\n\n\n<p>Pedimos a todos aqueles que forem menores de 13 anos nos Estados Unidos e menores de 16 anos no resto do mundo que n\u00e3o nos forne\u00e7am dados pessoais. N\u00e3o coletamos dados de identifica\u00e7\u00e3o pessoal dos quais estejamos cientes que s\u00e3o de pessoas que tiverem menos que essa idade. Se voc\u00ea for pai ou tutor e estiver ciente de que o seu filho nos forneceu dados pessoais, entre em contato conosco. Se tomarmos conhecimento de que coletamos Dados Pessoais de algu\u00e9m com menos de 13 anos nos EUA ou com menos de 16 anos no resto do mundo sem a verifica\u00e7\u00e3o da autoriza\u00e7\u00e3o dos pais, tomaremos as medidas necess\u00e1rias para remover esses dados dos nossos servidores.<\/p>\n\n\n\n<p>Se tivermos que precisar da autoriza\u00e7\u00e3o como base legal para o processamento dos seus dados e o seu pa\u00eds exigir essa autoriza\u00e7\u00e3o dos pais, poderemos solicitar a autoriza\u00e7\u00e3o dos seus pais antes de coletarmos e utilizarmos essas informa\u00e7\u00f5es.<\/p>\n\n\n\n<p>Links para outros Sites<\/p>\n\n\n\n<p>O nosso Servi\u00e7o pode conter links para outros Sites que n\u00e3o s\u00e3o operados por n\u00f3s. Se clicar num link de terceiros, ser\u00e1 direcionado para o site dessa entidade. Recomendamos vivamente que analise a Pol\u00edtica de Privacidade de cada site que visitar.<\/p>\n\n\n\n<p>N\u00e3o temos controle nem assumimos nenhuma responsabilidade pelo teor, pol\u00edticas ou pr\u00e1ticas de privacidade dos sites ou servi\u00e7os de outras entidades.<\/p>\n\n\n\n<p>Altera\u00e7\u00f5es a esta Pol\u00edtica de Privacidade<\/p>\n\n\n\n<p>Periodicamente, poderemos atualizar a nossa Pol\u00edtica de Privacidade. Informaremos voc\u00ea sempre que houver altera\u00e7\u00f5es, publicando a nova Pol\u00edtica de Privacidade nesta p\u00e1gina.<\/p>\n\n\n\n<p>Informaremos voc\u00ea por e-mail e\/ou aviso destacado em nosso Servi\u00e7o, antes de alguma altera\u00e7\u00e3o entrar em vigor e atualizar a data da \u201c\u00daltima Atualiza\u00e7\u00e3o\u201d no alto desta Pol\u00edtica de Privacidade.<\/p>\n\n\n\n<p>Orientamos a que voc\u00ea consulte periodicamente esta Pol\u00edtica de Privacidade a respeito de quaisquer altera\u00e7\u00f5es. As altera\u00e7\u00f5es a esta Pol\u00edtica de Privacidade entram em vigor quando forem publicadas nesta p\u00e1gina.<\/p>\n\n\n\n<p>Entre em contato conosco<\/p>\n\n\n\n<p>Se tiver alguma d\u00favida ou preocupa\u00e7\u00e3o sobre esta Pol\u00edtica de Privacidade, entre em contato conosco:<\/p>\n\n\n\n<p>Por e-mail: <a href=\"mailto:oceanicplus@huishoutdoors.com\">oceanicplus@huishoutdoors.com<\/a>&nbsp;&nbsp;&nbsp;<\/p>\n\n\n\n<p>Visite esta p\u00e1gina em nosso site: <a href=\"http:\/\/www.oceanicworldwide.com\/oceanicplus\">http:\/\/www.oceanicworldwide.com\/oceanicplus<\/a>&nbsp;<\/p>\n","protected":false},"excerpt":{"rendered":"<p>Oceanic+ e os seus dados Esta Pol\u00edtica de Privacidade descreve as nossas pol\u00edticas e procedimentos a respeito da coleta, uso e divulga\u00e7\u00e3o dos seus dados quando voc\u00ea utilizar o Servi\u00e7o e o informa acerca dos seus direitos sobre privacidade e como a lei o protege. Empregamos os seus dados pessoais para o fornecimento e aperfei\u00e7oamento [&hellip;]<\/p>\n","protected":false},"author":11,"featured_media":729,"parent":0,"menu_order":0,"comment_status":"closed","ping_status":"closed","template":"","meta":{"_acf_changed":false,"footnotes":""},"class_list":["post-695","page","type-page","status-publish","has-post-thumbnail","hentry"],"acf":[],"_links":{"self":[{"href":"https:\/\/eu.oceanicworldwide.com\/pt-pt\/wp-json\/wp\/v2\/pages\/695","targetHints":{"allow":["GET"]}}],"collection":[{"href":"https:\/\/eu.oceanicworldwide.com\/pt-pt\/wp-json\/wp\/v2\/pages"}],"about":[{"href":"https:\/\/eu.oceanicworldwide.com\/pt-pt\/wp-json\/wp\/v2\/types\/page"}],"author":[{"embeddable":true,"href":"https:\/\/eu.oceanicworldwide.com\/pt-pt\/wp-json\/wp\/v2\/users\/11"}],"replies":[{"embeddable":true,"href":"https:\/\/eu.oceanicworldwide.com\/pt-pt\/wp-json\/wp\/v2\/comments?post=695"}],"version-history":[{"count":0,"href":"https:\/\/eu.oceanicworldwide.com\/pt-pt\/wp-json\/wp\/v2\/pages\/695\/revisions"}],"wp:featuredmedia":[{"embeddable":true,"href":"https:\/\/eu.oceanicworldwide.com\/pt-pt\/wp-json\/wp\/v2\/media\/729"}],"wp:attachment":[{"href":"https:\/\/eu.oceanicworldwide.com\/pt-pt\/wp-json\/wp\/v2\/media?parent=695"}],"curies":[{"name":"wp","href":"https:\/\/api.w.org\/{rel}","templated":true}]}}